{"id":2125,"date":"2019-01-29T07:22:26","date_gmt":"2019-01-29T07:22:26","guid":{"rendered":"https:\/\/www.zpskomarno.sk\/ochrane-osobnych-udajov\/"},"modified":"2019-01-29T08:00:54","modified_gmt":"2019-01-29T08:00:54","slug":"adatvedelmi-iranyelvek","status":"publish","type":"page","link":"https:\/\/www.zpskomarno.sk\/hu\/adatvedelmi-iranyelvek\/","title":{"rendered":"Adatv\u00e9delmi ir\u00e1nyelvek"},"content":{"rendered":"\t\t<div data-elementor-type=\"wp-post\" data-elementor-id=\"2125\" class=\"elementor elementor-2125 elementor-2108 elementor-bc-flex-widget\" data-elementor-post-type=\"page\">\n\t\t\t\t\t\t<section class=\"elementor-section elementor-top-section elementor-element elementor-element-9bfcd10 elementor-section-boxed elementor-section-height-default elementor-section-height-default\" data-id=\"9bfcd10\" data-element_type=\"section\" data-settings=\"{&quot;background_background&quot;:&quot;classic&quot;}\">\n\t\t\t\t\t\t<div class=\"elementor-container elementor-column-gap-default\">\n\t\t\t\t\t<div class=\"elementor-column elementor-col-100 elementor-top-column elementor-element elementor-element-47c9a6a\" data-id=\"47c9a6a\" data-element_type=\"column\">\n\t\t\t<div class=\"elementor-widget-wrap elementor-element-populated\">\n\t\t\t\t\t\t<div class=\"elementor-element elementor-element-0059e9f elementor-widget elementor-widget-heading\" data-id=\"0059e9f\" data-element_type=\"widget\" data-widget_type=\"heading.default\">\n\t\t\t\t<div class=\"elementor-widget-container\">\n\t\t\t\t\t<h3 class=\"elementor-heading-title elementor-size-default\">Inform\u00e1cie o sprac\u00favan\u00ed osobn\u00fdch \u00fadajov<\/h3>\t\t\t\t<\/div>\n\t\t\t\t<\/div>\n\t\t\t\t<div class=\"elementor-element elementor-element-50020f0 elementor-widget elementor-widget-text-editor\" data-id=\"50020f0\" data-element_type=\"widget\" data-widget_type=\"text-editor.default\">\n\t\t\t\t<div class=\"elementor-widget-container\">\n\t\t\t\t\t\t\t\t\t<p>v s\u00falade s \u010dl\u00e1nkom 13 NARIADENIA EURO\u0301PSKEHO PARLAMENTU A RADY (EU\u0301) 2016\/679 (\u010falej len \u201eGDPR\u201c) a v s\u00falade s \u00a719 z\u00e1kona \u010d. 18\/2018 Z. z. o ochrane osobn\u00fdch \u00fadajov (\u010falej len \u201eZ\u00e1kon\u201c)<\/p>\t\t\t\t\t\t\t\t<\/div>\n\t\t\t\t<\/div>\n\t\t\t\t<div class=\"elementor-element elementor-element-c9098e8 elementor-widget elementor-widget-text-editor\" data-id=\"c9098e8\" data-element_type=\"widget\" data-widget_type=\"text-editor.default\">\n\t\t\t\t<div class=\"elementor-widget-container\">\n\t\t\t\t\t\t\t\t\t<p>V s\u00favislosti s poskytovan\u00edm soci\u00e1lnych slu\u017eieb v na\u0161om zariaden\u00ed,<\/p><p><strong>Zariadenie pre seniorov Kom\u00e1rno, \u0160pit\u00e1lska 16, 945 05 Kom\u00e1rno,<br \/>I\u010cO: 00352489<\/strong><br \/><strong>kontaktn\u00e9 \u00fadaje: 035\/7731743<\/strong><br \/>(\u010falej len \u201cPrev\u00e1dzkovate\u013e)<\/p><p><strong>doch\u00e1dza k\u00a0sprac\u00favaniu osobn\u00fdch \u00fadajov fyzick\u00fdch os\u00f4b (\u010falej len \u201edotknut\u00e1 osoba\u201c)<\/strong> v\u00a0informa\u010dn\u00fdch syst\u00e9moch zariadenia a pri v\u00fdkone \u010dinnosti zariadenia pre seniorov v\u00a0Kom\u00e1rne.<\/p><p>Z\u00a0vy\u0161\u0161ie uveden\u00e9ho\u00a0 d\u00f4vodu V\u00e1s\u00a0 informujeme o\u00a0Va\u0161ich pr\u00e1vach a\u00a0podmienkach, ktor\u00e9 s\u00favisia so\u00a0 sprac\u00favan\u00edm Va\u0161ich osobn\u00fdch \u00fadajov.<\/p><p>Z\u00e1rove\u0148 by sme V\u00e1s chceli ubezpe\u010di\u0165, \u017ee ochrana Va\u0161ich osobn\u00fdch \u00fadajov je pre na\u0161u organiz\u00e1ciu d\u00f4le\u017eit\u00e1 \u00a0a\u00a0Vami poskytnut\u00e9 \u00fadaje s\u00fa d\u00f4vern\u00e9 a\u00a0v\u0161etci na\u0161i pracovn\u00edci s\u00fa zaviazan\u00ed povinnos\u0165ou ml\u010danlivosti. \u00a0Za t\u00fdmto \u00fa\u010delom m\u00e1me prijat\u00e9 bezpe\u010dnostn\u00e9 opatrenia v\u00a0s\u00falade s\u00a0GDPR.<\/p>\t\t\t\t\t\t\t\t<\/div>\n\t\t\t\t<\/div>\n\t\t\t\t<div class=\"elementor-element elementor-element-fa6117b elementor-widget elementor-widget-text-editor\" data-id=\"fa6117b\" data-element_type=\"widget\" data-widget_type=\"text-editor.default\">\n\t\t\t\t<div class=\"elementor-widget-container\">\n\t\t\t\t\t\t\t\t\t<p><span style=\"text-decoration: underline;\"><strong>Prev\u00e1dzkovate\u013e sprac\u00fava osobn\u00e9 \u00fadaje dotknut\u00fdch os\u00f4b na \u00fa\u010dely<\/strong><\/span><\/p>\t\t\t\t\t\t\t\t<\/div>\n\t\t\t\t<\/div>\n\t\t\t\t<div class=\"elementor-element elementor-element-01b3d86 elementor-widget elementor-widget-text-editor\" data-id=\"01b3d86\" data-element_type=\"widget\" data-widget_type=\"text-editor.default\">\n\t\t\t\t<div class=\"elementor-widget-container\">\n\t\t\t\t\t\t\t\t\t<ol><li>poskytovania soci\u00e1lnych slu\u017eieb vr\u00e1tane predzmluvn\u00fdch vz\u0165ahov<\/li><li>poskytovanie doplnkov\u00fdch slu\u017eieb pre prij\u00edmate\u013eov soci\u00e1lnej slu\u017eby<\/li><li><strong>pos\u00fadi\u0165 splnenie podmienok<\/strong> pre prijatie do zariadenia pre seniorov (\u010ealej len ZpS Kom\u00e1rno)\u00a0<\/li><li><strong> priebe\u017en\u00e9 poskytovanie soci\u00e1lnych slu\u017eieb;<\/strong><br \/><strong>poskytova\u0165 V\u00e1m kvalitn\u00e9 soci\u00e1lne slu\u017eby<\/strong>\u00a0na z\u00e1klade zmluvy o\u00a0poskytovan\u00ed soci\u00e1lnej slu\u017eby\u00a0v\u00a0zariadeniach pre fyzick\u00e9 osoby, ktor\u00e9 s\u00fa odk\u00e1zan\u00e9 na pomoc inej fyzickej osoby, a pre fyzick\u00e9 osoby, ktor\u00e9 dov\u0155\u0161ili d\u00f4chodkov\u00fd vek, ktor\u00fdch s\u00fa\u010das\u0165ou\u00a0je zabezpe\u010dovanie ubytovania a\u00a0stravovania a vykon\u00e1vanie odborn\u00fdch \u010dinnost\u00ed, obslu\u017en\u00fdch \u010dinnost\u00ed a \u010fal\u0161\u00edch \u010dinnost\u00ed pod\u013ea z\u00e1kona \u010d. 448\/2008 Z.z.<\/li><li><strong>plnenie z\u00e1konn\u00fdch povinnost\u00ed<\/strong> poskytovate\u013ea s\u00favisiacich s\u00a0poskytovan\u00edm soci\u00e1lnych slu\u017eieb vo\u010di\u00a0r\u00f4znym in\u0161tit\u00faci\u00e1m a\u00a0\u0161t\u00e1tnym org\u00e1nom.<\/li><li>dod\u00e1vate\u013esk\u00fdch zml\u00fav<\/li><li>spracovania \u00fa\u010dtovn\u00fdch dokladov<\/li><li><p>vykonanie jednorazovej evidencie a\u00a0kontroly os\u00f4b vstupuj\u00facich do objektu prev\u00e1dzkovate\u013ea (kniha n\u00e1v\u0161tev)<\/p><\/li><li><p>evidencie uch\u00e1dza\u010dov o\u00a0zamestnanie (ne\u00faspe\u0161n\u00ed kandid\u00e1ti, \u017eiadosti o\u00a0prijatie do zamestnania zaslan\u00e9 iniciat\u00edvne mimo v\u00fdberov\u00e9ho konania)<\/p><\/li><li><p>sprac\u00favania osobn\u00fdch \u00fadajov zamestnanca na \u00fa\u010del plnenia povinnost\u00ed zamestn\u00e1vate\u013ea s\u00favisiacich s pracovn\u00fdm pomerom a obdobn\u00fdm vz\u0165ahom<\/p><\/li><li><p>vr\u00e1tane predzmluvn\u00fdch vz\u0165ahov<br \/>uzatvorenie dobrovo\u013en\u00edckej \u010dinnosti vr\u00e1tane predzmluvn\u00fdch vz\u0165ahov<\/p><\/li><li><p>spr\u00e1vy registrat\u00fary (evidencia po\u0161ty)<\/p><\/li><\/ol>\t\t\t\t\t\t\t\t<\/div>\n\t\t\t\t<\/div>\n\t\t\t\t<div class=\"elementor-element elementor-element-4ddd55f elementor-widget elementor-widget-text-editor\" data-id=\"4ddd55f\" data-element_type=\"widget\" data-widget_type=\"text-editor.default\">\n\t\t\t\t<div class=\"elementor-widget-container\">\n\t\t\t\t\t\t\t\t\t<p><span style=\"text-decoration: underline;\"><strong>Pr\u00e1vny z\u00e1klad sprac\u00favania<\/strong><\/span><\/p>\t\t\t\t\t\t\t\t<\/div>\n\t\t\t\t<\/div>\n\t\t\t\t<div class=\"elementor-element elementor-element-39515ef elementor-widget elementor-widget-text-editor\" data-id=\"39515ef\" data-element_type=\"widget\" data-widget_type=\"text-editor.default\">\n\t\t\t\t<div class=\"elementor-widget-container\">\n\t\t\t\t\t\t\t\t\t<ol><li>Sprac\u00favanie osobn\u00fdch \u00fadajov je\u00a0nevyhnutn\u00e9\u00a0na vykonanie opatrenia pri podan\u00ed \u017eiadosti, pred uzatvoren\u00edm zmluvy o\u00a0poskytovan\u00ed soci\u00e1lnej slu\u017eby na z\u00e1klade \u017eiadosti dotknutej osoby,<\/li><li>sprac\u00favanie osobn\u00fdch \u00fadajov je\u00a0nevyhnutn\u00e9\u00a0na riadne plnenie zmluvy o\u00a0poskytovan\u00ed soci\u00e1lnej slu\u017eby\u00a0a\u00a0s\u00a0t\u00fdm s\u00favisiacich slu\u017eieb,<\/li><li>\u010falej na splnenie z\u00e1konn\u00fdch povinnost\u00ed poskytovate\u013ea soci\u00e1lnych slu\u017eieb pod\u013ea osobitn\u00fdch predpisov.<\/li><\/ol><p>Ide najm\u00e4 o:<\/p><ul><li>z\u00e1kon \u010d. 448\/2008 Z.z. o soci\u00e1lnych slu\u017eb\u00e1ch a o zmene a doplnen\u00ed z\u00e1kona \u010d. 455\/1991 Zb. o \u017eivnostenskom podnikan\u00ed (\u017eivnostensk\u00fd z\u00e1kon) v znen\u00ed neskor\u0161\u00edch predpisov;<\/li><li>z\u00e1kon \u010d. 447\/2008 Z.z. o pe\u0148a\u017en\u00fdch pr\u00edspevkoch na kompenz\u00e1ciu \u0165a\u017ek\u00e9ho zdravotn\u00e9ho postihnutia a o zmene a doplnen\u00ed niektor\u00fdch z\u00e1konov;<\/li><li>z\u00e1kon \u010d. 601\/2003 Z.z. o \u017eivotnom minime a o zmene a doplnen\u00ed niektor\u00fdch z\u00e1konov;<\/li><li>z\u00e1kon \u010d. 461\/2003 Z.z. o soci\u00e1lnom poisten\u00ed;<\/li><li>s\u00fahlas dotknutej osoby<br \/>z\u00e1kon \u010d. 576\/2004 Z.z. o zdravotnej starostlivosti, slu\u017eb\u00e1ch s\u00favisiacich s poskytovan\u00edm zdravotnej starostlivosti a o zmene a doplnen\u00ed niektor\u00fdch z\u00e1konov;<\/li><li>z\u00e1kon \u010d. 362\/2011 Z.z. o liekoch a zdravotn\u00edckych pom\u00f4ckach a o zmene a doplnen\u00ed niektor\u00fdch z\u00e1konov;<\/li><li>z\u00e1kon \u010d. 363\/2011 Z.z. o rozsahu a podmienkach \u00fahrady liekov, zdravotn\u00edckych pom\u00f4cok a dietetick\u00fdch potrav\u00edn na z\u00e1klade verejn\u00e9ho zdravotn\u00e9ho poistenia a o zmene a doplnen\u00ed niektor\u00fdch z\u00e1konov;<\/li><\/ul><p>z\u00e1kon \u010d. 581\/2004 Z.z. o zdravotn\u00fdch pois\u0165ovniach, doh\u013eade nad zdravotnou starostlivos\u0165ou a o zmene a doplnen\u00ed niektor\u00fdch z\u00e1konov.<\/p>\t\t\t\t\t\t\t\t<\/div>\n\t\t\t\t<\/div>\n\t\t\t\t<div class=\"elementor-element elementor-element-6612c13 elementor-widget elementor-widget-text-editor\" data-id=\"6612c13\" data-element_type=\"widget\" data-widget_type=\"text-editor.default\">\n\t\t\t\t<div class=\"elementor-widget-container\">\n\t\t\t\t\t\t\t\t\t<p><span style=\"text-decoration: underline;\"><strong>Va\u0161e osobn\u00e9 \u00fadaje m\u00f4\u017eu by\u0165 poskytnut\u00e9 nasledovn\u00fdm org\u00e1nom<\/strong><\/span><\/p>\t\t\t\t\t\t\t\t<\/div>\n\t\t\t\t<\/div>\n\t\t\t\t<div class=\"elementor-element elementor-element-ce7611b elementor-widget elementor-widget-text-editor\" data-id=\"ce7611b\" data-element_type=\"widget\" data-widget_type=\"text-editor.default\">\n\t\t\t\t<div class=\"elementor-widget-container\">\n\t\t\t\t\t\t\t\t\t<p><strong>Org\u00e1nov verejnej moci,\u00a0ktor\u00e9 sprac\u00favaj\u00fa osobn\u00e9 \u00fadaje na z\u00e1klade osobitn\u00e9ho predpisu:<\/strong><\/p><ul><li><strong>Samospr\u00e1vny kraj (V\u00daC)\u00a0<\/strong>za \u00fa\u010delom \u017eiadosti o prepos\u00fadenie odk\u00e1zanosti na soci\u00e1lnu slu\u017ebu,<\/li><li><strong>Mesto (Mestsk\u00fd \u00farad)<\/strong>\u00a0za \u00fa\u010delom \u017eiadosti o\u00a0zabezpe\u010denie poskytovania soci\u00e1lnej slu\u017eby,<\/li><li><strong>Lek\u00e1r a\u00a0in\u00fd zdravotn\u00edcky pracovn\u00edk<\/strong>\u00a0za \u00fa\u010delom\u00a0poskytnutia zdravotnej starostlivosti,<\/li><li><strong>Agent\u00fara dom\u00e1cej o\u0161etrovate\u013eskej starostlivosti<\/strong>\u00a0za \u00fa\u010delom\u00a0poskytnutia o\u0161etrovate\u013eskej starostlivosti,<\/li><li><strong>Lek\u00e1rne<\/strong>\u00a0za \u00fa\u010delom\u00a0 poskytovanie po\u017eadovan\u00fdch liekov alebo\u00a0 zdravotn\u00edckych pom\u00f4cok na z\u00e1klade lek\u00e1rskeho predpisu.<\/li><li><strong>S\u00fad, org\u00e1ny \u010dinn\u00e9 v trestnom konan\u00ed<\/strong>\u00a0napr. v\u00a0pr\u00edpade s\u00fadneho konania, exek\u00facie<\/li><li><strong>Ministerstvo pr\u00e1ce, soci\u00e1lnych vec\u00ed a\u00a0rodiny SR a\u00a0in\u00e9 \u0161t\u00e1tne kontroln\u00e9 org\u00e1ny<\/strong>\u00a0za \u00fa\u010delom kontroly,<\/li><\/ul><p>Extern\u00fdm firm\u00e1m, ktor\u00e9 pre n\u00e1s\u00a0 poskytuj\u00fa servisn\u00e9 IT slu\u017eby a\u00a0odborn\u00e9 poradensk\u00e9 slu\u017eby\u00a0ako napr. pr\u00e1vne slu\u017eby a\u00a0pod. (len k\u00a0nahliadnutiu),<\/p>\t\t\t\t\t\t\t\t<\/div>\n\t\t\t\t<\/div>\n\t\t\t\t<div class=\"elementor-element elementor-element-a13a539 elementor-widget elementor-widget-text-editor\" data-id=\"a13a539\" data-element_type=\"widget\" data-widget_type=\"text-editor.default\">\n\t\t\t\t<div class=\"elementor-widget-container\">\n\t\t\t\t\t\t\t\t\t<p><span style=\"text-decoration: underline;\"><strong>Pou\u010denie o\u00a0pr\u00e1vach dotknutej osoby<\/strong><\/span><\/p>\t\t\t\t\t\t\t\t<\/div>\n\t\t\t\t<\/div>\n\t\t\t\t<div class=\"elementor-element elementor-element-0fc8b00 elementor-widget elementor-widget-text-editor\" data-id=\"0fc8b00\" data-element_type=\"widget\" data-widget_type=\"text-editor.default\">\n\t\t\t\t<div class=\"elementor-widget-container\">\n\t\t\t\t\t\t\t\t\t<p>s\u00falade s\u00a0\u010dl.13 \u2013 21 GDPR (\u00a7 19-27 z\u00e1kona o\u00a0ochrane osobn\u00fdch \u00fadajov) m\u00e1te ako dotknut\u00e1 osoba:<\/p><ul><li>pr\u00e1vo po\u017eadova\u0165\u00a0od prev\u00e1dzkovate\u013ea\u00a0pr\u00edstup k\u00a0 osobn\u00fdm \u00fadajom\u00a0t\u00fdkaj\u00facich sa Va\u0161ej osoby\u00a0a potvrdenie o tom, \u010di sa sprac\u00favaj\u00fa osobn\u00e9 \u00fadaje, ktor\u00e9 sa V\u00e1s t\u00fdkaj\u00fa\u00a0(\u010dl.15 GDPR),<\/li><li>pr\u00e1vo na opravu\u00a0\u00a0Va\u0161ich nespr\u00e1vnych alebo ne\u00fapln\u00fdch osobn\u00fdch \u00fadajov\u00a0(\u010dl.16 GDPR),<\/li><li>pr\u00e1vo na vymazanie\u00a0Va\u0161ich osobn\u00fdch \u00fadajov, ak \u00fa\u010del ich sprac\u00favania skon\u010dil alebo je splnen\u00e1 niektor\u00e1 z\u00a0podmienok\u00a0\u010dl.17 GDPR,<\/li><li>pr\u00e1vo na obmedzenie\u00a0sprac\u00favania osobn\u00fdch \u00fadajov,\u00a0ak ide o pr\u00edpady pod\u013ea\u00a0\u010dl.18 GDPR,<\/li><li>pr\u00e1vo namieta\u0165\u00a0sprac\u00favanie osobn\u00fdch \u00fadajov, ak ide o pr\u00edpady pod\u013ea\u00a0\u010dl.21 GDPR,<\/li><li>pr\u00e1vo na prenosnos\u0165\u00a0osobn\u00fdch \u00fadajov\u00a0\u00a0pod\u013ea \u010dl.20 GDPR,<\/li><li>pr\u00e1vo poda\u0165 s\u0165a\u017enos\u0165\u00a0dozorn\u00e9mu org\u00e1nu-pr\u00e1vo poda\u0165 n\u00e1vrh na za\u010datie konania pod\u013ea \u00a7100 Z\u00e1kona.<\/li><\/ul><p>Dotknut\u00e1 osoba sa m\u00f4\u017ee so svojimi ot\u00e1zkami a\u00a0po\u017eiadavkami t\u00fdkaj\u00facimi sa sprac\u00favania jej osobn\u00fdch \u00fadajov a\u00a0uplat\u0148ovania jej pr\u00e1v obr\u00e1ti\u0165 na Prev\u00e1dzkovate\u013ea.<\/p><p>Prev\u00e1dzkovate\u013e V\u00e1m ako dotknutej osobe t\u00fdmto poskytol inform\u00e1cie t\u00fdkaj\u00face sa sprac\u00favania Va\u0161ich osobn\u00fdch \u00fadajov a\u00a0pou\u010dil V\u00e1s o\u00a0Va\u0161ich pr\u00e1vach vz\u0165ahuj\u00facich sa k\u00a0ochrane Va\u0161ich osobn\u00fdch \u00fadajov v\u00a0rozsahu stanovenom pr\u00edslu\u0161n\u00fdmi pr\u00e1vnymi predpismi.<\/p><p>Prev\u00e1dzkovate\u013e je opr\u00e1vnen\u00fd meni\u0165, dop\u013a\u0148a\u0165, aktualizova\u0165 t\u00fato inform\u00e1ciu pre dotknut\u00e9 osoby.<\/p>\t\t\t\t\t\t\t\t<\/div>\n\t\t\t\t<\/div>\n\t\t\t\t<div class=\"elementor-element elementor-element-7fd7622 elementor-widget elementor-widget-spacer\" data-id=\"7fd7622\" data-element_type=\"widget\" data-widget_type=\"spacer.default\">\n\t\t\t\t<div class=\"elementor-widget-container\">\n\t\t\t\t\t\t\t<div class=\"elementor-spacer\">\n\t\t\t<div class=\"elementor-spacer-inner\"><\/div>\n\t\t<\/div>\n\t\t\t\t\t\t<\/div>\n\t\t\t\t<\/div>\n\t\t\t\t\t<\/div>\n\t\t<\/div>\n\t\t\t\t\t<\/div>\n\t\t<\/section>\n\t\t\t\t<\/div>\n\t\t","protected":false},"excerpt":{"rendered":"<p>Inform\u00e1cie o sprac\u00favan\u00ed osobn\u00fdch \u00fadajov v s\u00falade s \u010dl\u00e1nkom 13 NARIADENIA EURO\u0301PSKEHO PARLAMENTU A RADY (EU\u0301) 2016\/679 (\u010falej len \u201eGDPR\u201c) a v s\u00falade s \u00a719 z\u00e1kona \u010d. 18\/2018 Z. z. &#8230;<\/p>\n","protected":false},"author":1,"featured_media":0,"parent":0,"menu_order":0,"comment_status":"closed","ping_status":"closed","template":"","meta":{"footnotes":""},"tags":[],"class_list":["post-2125","page","type-page","status-publish","hentry"],"_links":{"self":[{"href":"https:\/\/www.zpskomarno.sk\/hu\/wp-json\/wp\/v2\/pages\/2125","targetHints":{"allow":["GET"]}}],"collection":[{"href":"https:\/\/www.zpskomarno.sk\/hu\/wp-json\/wp\/v2\/pages"}],"about":[{"href":"https:\/\/www.zpskomarno.sk\/hu\/wp-json\/wp\/v2\/types\/page"}],"author":[{"embeddable":true,"href":"https:\/\/www.zpskomarno.sk\/hu\/wp-json\/wp\/v2\/users\/1"}],"replies":[{"embeddable":true,"href":"https:\/\/www.zpskomarno.sk\/hu\/wp-json\/wp\/v2\/comments?post=2125"}],"version-history":[{"count":3,"href":"https:\/\/www.zpskomarno.sk\/hu\/wp-json\/wp\/v2\/pages\/2125\/revisions"}],"predecessor-version":[{"id":2131,"href":"https:\/\/www.zpskomarno.sk\/hu\/wp-json\/wp\/v2\/pages\/2125\/revisions\/2131"}],"wp:attachment":[{"href":"https:\/\/www.zpskomarno.sk\/hu\/wp-json\/wp\/v2\/media?parent=2125"}],"wp:term":[{"taxonomy":"post_tag","embeddable":true,"href":"https:\/\/www.zpskomarno.sk\/hu\/wp-json\/wp\/v2\/tags?post=2125"}],"curies":[{"name":"wp","href":"https:\/\/api.w.org\/{rel}","templated":true}]}}